{"id":129,"date":"2021-04-12T23:05:11","date_gmt":"2021-04-12T23:05:11","guid":{"rendered":"https:\/\/mygarden.mx\/?post_type=product&#038;p=129"},"modified":"2021-10-18T20:57:36","modified_gmt":"2021-10-18T20:57:36","slug":"croto","status":"publish","type":"product","link":"https:\/\/mygarden.mx\/index.php\/product\/croto\/","title":{"rendered":"Croto"},"content":{"rendered":"","protected":false},"excerpt":{"rendered":"<p>Tama\u00f1o: Mediana<\/p>\n<p>Croto\u0301n \ud83c\udf42<\/p>\n<p>\ud83d\udc49Planthija con colores impresionantes que representan el color de la vida y ayudan a fortalecer nuestro espi\u0301ritu. Cuenta la leyenda que esta planthija seri\u0301an la cura de la tristeza y el estre\u0301s porque nos ayuda a ver lo que el otro no puede ver.<\/p>\n<p>Cuidados:<\/p>\n<p>\ud83d\udebf Regar 2-3 veces por semana en verano y cada 5 di\u0301as en invierno.<\/p>\n<p>\ud83c\udf24 Colocarla en un lugar con buena luminosidad. No es bueno que reciba directo los rayos del sol.<\/p>\n<p>Tips:<\/p>\n<p>\ud83d\udca8 No le gustan las corrientes de aire.<\/p>\n<p>Maceta: barro<\/p>\n","protected":false},"featured_media":131,"comment_status":"open","ping_status":"closed","template":"","meta":{"om_disable_all_campaigns":false,"_monsterinsights_skip_tracking":false,"_monsterinsights_sitenote_active":false,"_monsterinsights_sitenote_note":"","_monsterinsights_sitenote_category":0,"spay_email":""},"product_cat":[22],"product_tag":[],"class_list":["post-129","product","type-product","status-publish","has-post-thumbnail","hentry","product_cat-grande"],"jetpack-related-posts":[{"id":3286,"url":"https:\/\/mygarden.mx\/index.php\/product\/2-ninxs-con-banquita-de-madera\/","url_meta":{"origin":129,"position":0},"title":"Set ni\u00f1xs con banquita de madera","date":"16 de junio de 2022","format":false,"excerpt":"2 ni\u00f1xs + banquita de madera \ud83d\udc9a Puedes personalizar el color de cada ni\u00f1x y combinarlos como m\u00e1s te gusten. Las macetas son de cer\u00e1mica y las planthijas que los acompa\u00f1an son ideales para interiores. Empieza ya tu familia de planthijas.","rel":"","context":"Entrada similar","img":{"alt_text":"Macetas ni\u00f1os con banca madera","src":"https:\/\/i0.wp.com\/mygarden.mx\/wp-content\/uploads\/2022\/06\/CD7E62F3-637A-4D87-804B-1CA05839FBFC.jpg?fit=675%2C1200&ssl=1&resize=350%2C200","width":350,"height":200},"classes":[]},{"id":3273,"url":"https:\/\/mygarden.mx\/index.php\/product\/planthija-colgante-con-macrame\/","url_meta":{"origin":129,"position":1},"title":"Planthija colgante con macram\u00e9","date":"16 de junio de 2022","format":false,"excerpt":"Colgante macram\u00e9 con incre\u00edble dise\u00f1o + maceta bule con olitas + planthija colgante = \ud83d\udc9a Armamos este incre\u00edble set para ti\u2728 Puedes elegir la planthija colgante entre esqueleto y tel\u00e9fono, ambas son ideales para interiores y sin duda van a dar vida a cualquier lugar.","rel":"","context":"Entrada similar","img":{"alt_text":"Esqueleto colgante con macram\u00e9","src":"https:\/\/i0.wp.com\/mygarden.mx\/wp-content\/uploads\/2022\/06\/IMG_2906-1-scaled.jpg?fit=548%2C1200&ssl=1&resize=350%2C200","width":350,"height":200},"classes":[]},{"id":146,"url":"https:\/\/mygarden.mx\/index.php\/product\/cabeza-de-buda-con-hierba-de-la-calentura\/","url_meta":{"origin":129,"position":2},"title":"Cabeza de Buda con hierba de la calentura","date":"12 de abril de 2021","format":false,"excerpt":"Tama\u00f1o: Chica Hierba de la calentura \ud83d\udd25 \ud83d\udc49Esta planthija caracterizada por tener un tono su\u0301per vivaz le dara\u0301 color a cualquier pasillo, ventana o esquina en la que se encuentre, no pasara\u0301 desapercibida. Cuidados: \ud83d\udebf Cada 2 a 3 di\u0301as, no es conveniente rociar las hojas. \u2600\ufe0f Lo ido\u0301neo es\u2026","rel":"","context":"Entrada similar","img":{"alt_text":"","src":"https:\/\/i0.wp.com\/mygarden.mx\/wp-content\/uploads\/2021\/04\/Cabeza-de-Buda-con-Hierba-de-la-calentura.jpg?fit=750%2C745&ssl=1&resize=350%2C200","width":350,"height":200},"classes":[]},{"id":476,"url":"https:\/\/mygarden.mx\/index.php\/product\/tinita-con-hierba-de-la-calentura\/","url_meta":{"origin":129,"position":3},"title":"Tinita con Hierba de la Calentura","date":"13 de abril de 2021","format":false,"excerpt":"Tama\u00f1o: Chico Hierba de la calentura \ud83d\udd25 \ud83d\udc49Esta planthija caracterizada por tener un tono su\u0301per vivaz le dara\u0301 color a cualquier pasillo, ventana o esquina en la que se encuentre, no pasara\u0301 desapercibida. Cuidados: \ud83d\udebf Cada 2 a 3 di\u0301as, no es conveniente rociar las hojas. \u2600\ufe0f Lo ido\u0301neo es\u2026","rel":"","context":"Entrada similar","img":{"alt_text":"","src":"https:\/\/i0.wp.com\/mygarden.mx\/wp-content\/uploads\/2021\/04\/Tinita2.jpg?fit=898%2C1200&ssl=1&resize=350%2C200","width":350,"height":200},"classes":[]},{"id":3420,"url":"https:\/\/mygarden.mx\/index.php\/product\/orquida-con-jetotas\/","url_meta":{"origin":129,"position":4},"title":"Orqu\u00eddea con Jetotas","date":"23 de agosto de 2022","format":false,"excerpt":"Las orqu\u00eddeas llegaron a mygarden para sumar un miembro m\u00e1s a tu familia de\u00a0#planthijas \ud83d\udc9a. Y ya que las macetas en forma de cabeza son de sus favoritas, decidimos lanzarlas acompa\u00f1adas de nuestra nueva maceta \u201cjetotas\u201d. \u00a1Pide las tuyas antes de que vuelen! \ud83d\udc49 En la secci\u00f3n de comentarios, puedes\u2026","rel":"","context":"Entrada similar","img":{"alt_text":"Orqu\u00eddea en maceta forma cara","src":"https:\/\/i0.wp.com\/mygarden.mx\/wp-content\/uploads\/2022\/08\/Jetotas-con-orquidea.jpeg?fit=900%2C1200&ssl=1&resize=350%2C200","width":350,"height":200},"classes":[]},{"id":122,"url":"https:\/\/mygarden.mx\/index.php\/product\/sabila-en-taza\/","url_meta":{"origin":129,"position":5},"title":"S\u00e1bila en Taza","date":"12 de abril de 2021","format":false,"excerpt":"Tama\u00f1o: Chica S\u00e1bila \ud83d\udc49 La s\u00e1bila, tambi\u00e9n conocida como aloe vera, es una planthija suculenta de la familia de las Asphodelaceae. Esta planta es una maravilla porque adem\u00e1s de ser bonita, tiene m\u00faltiples bondades medicinales. Cuidados: \ud83d\udebf Partiendo del riego semanal recomendado para la s\u00e1bila, basta con mirar la parte\u2026","rel":"","context":"Entrada similar","img":{"alt_text":"","src":"https:\/\/i0.wp.com\/mygarden.mx\/wp-content\/uploads\/2021\/04\/Sabila-1.jpg?fit=1042%2C1042&ssl=1&resize=350%2C200","width":350,"height":200},"classes":[]}],"_links":{"self":[{"href":"https:\/\/mygarden.mx\/index.php\/wp-json\/wp\/v2\/product\/129"}],"collection":[{"href":"https:\/\/mygarden.mx\/index.php\/wp-json\/wp\/v2\/product"}],"about":[{"href":"https:\/\/mygarden.mx\/index.php\/wp-json\/wp\/v2\/types\/product"}],"replies":[{"embeddable":true,"href":"https:\/\/mygarden.mx\/index.php\/wp-json\/wp\/v2\/comments?post=129"}],"wp:featuredmedia":[{"embeddable":true,"href":"https:\/\/mygarden.mx\/index.php\/wp-json\/wp\/v2\/media\/131"}],"wp:attachment":[{"href":"https:\/\/mygarden.mx\/index.php\/wp-json\/wp\/v2\/media?parent=129"}],"wp:term":[{"taxonomy":"product_cat","embeddable":true,"href":"https:\/\/mygarden.mx\/index.php\/wp-json\/wp\/v2\/product_cat?post=129"},{"taxonomy":"product_tag","embeddable":true,"href":"https:\/\/mygarden.mx\/index.php\/wp-json\/wp\/v2\/product_tag?post=129"}],"curies":[{"name":"wp","href":"https:\/\/api.w.org\/{rel}","templated":true}]}}