{"id":135,"date":"2021-04-12T23:13:35","date_gmt":"2021-04-12T23:13:35","guid":{"rendered":"https:\/\/mygarden.mx\/?post_type=product&#038;p=135"},"modified":"2021-04-13T15:54:24","modified_gmt":"2021-04-13T15:54:24","slug":"amor-de-un-rato","status":"publish","type":"product","link":"https:\/\/mygarden.mx\/index.php\/product\/amor-de-un-rato\/","title":{"rendered":"Amor de un Rato"},"content":{"rendered":"","protected":false},"excerpt":{"rendered":"<p>Tama\u00f1o: Chica<\/p>\n<p>Amor de un rato\u2764\ufe0f<\/p>\n<p>\ud83d\udc49 \u201cAmorcito coraz\u00f3n, yo tengo tentaci\u00f3n de un beso\u2026 tururu. Qu\u00e9 canciones aquellas. El inigualable Pedro Infante haciendo de las suyas mientras le dedicaba una canci\u00f3n a su amada, o a esta flor tal vez.\u00bb<\/p>\n<p>Cuidados:<\/p>\n<p>\ud83d\udebf Regar durante el per\u00edodo m\u00e1s c\u00e1lido; en primavera y en oto\u00f1o debe ser mucho m\u00e1s escaso. 3 \u00f3 4 veces por semana.<\/p>\n<p>\u2600\ufe0f A pleno sol. Las flores se cierran en la sombra.<\/p>\n<p>Tips:<\/p>\n<p>\ud83d\ude37 El exceso de agua hace que la planta se pudra.<\/p>\n<p>Maceta: cer\u00e1mica<\/p>\n","protected":false},"featured_media":137,"comment_status":"open","ping_status":"closed","template":"","meta":{"om_disable_all_campaigns":false,"_monsterinsights_skip_tracking":false,"_monsterinsights_sitenote_active":false,"_monsterinsights_sitenote_note":"","_monsterinsights_sitenote_category":0,"spay_email":""},"product_cat":[21],"product_tag":[],"class_list":["post-135","product","type-product","status-publish","has-post-thumbnail","hentry","product_cat-chica"],"jetpack-related-posts":[{"id":214,"url":"https:\/\/mygarden.mx\/index.php\/product\/hoja-elegante\/","url_meta":{"origin":135,"position":0},"title":"Hoja Elegante","date":"13 de abril de 2021","format":false,"excerpt":"Tama\u00f1o: Grande Hoja elegante \u2728 Planthija que sera\u0301 la mejor aliada para armonizar cualquier espacio de tu hogar por sus distintivas hojas largas y elegantes. Cuidados: \ud83d\udebf Mantener la tierra siempre hu\u0301meda, OJO sin encharcarla, 2 veces por semana esta\u0301 perfecto. \u26c5\ufe0f Un lugar en el cual no reciba luz\u2026","rel":"","context":"Con 1 comentario","img":{"alt_text":"","src":"https:\/\/i0.wp.com\/mygarden.mx\/wp-content\/uploads\/2021\/04\/Hoja-elegante.jpg?fit=1200%2C1200&ssl=1&resize=350%2C200","width":350,"height":200},"classes":[]},{"id":2960,"url":"https:\/\/mygarden.mx\/index.php\/product\/promo-humanitxs\/","url_meta":{"origin":135,"position":1},"title":"Promoci\u00f3n humanitxs","date":"15 de marzo de 2022","format":false,"excerpt":"Aprovecha esta incre\u00edble promoci\u00f3n que tenemos para ti y lleva a casa o a la oficina estxs incre\u00edbles compa\u00f1erxs. 2 x 600 MXN Pueden ser del mismo o diferente modelo.","rel":"","context":"Con 1 comentario","img":{"alt_text":"Promoci\u00f3n humanitxs","src":"https:\/\/i0.wp.com\/mygarden.mx\/wp-content\/uploads\/2021\/07\/Agregar-un-subtitulo-1.png?fit=1080%2C1080&ssl=1&resize=350%2C200","width":350,"height":200},"classes":[]},{"id":1097,"url":"https:\/\/mygarden.mx\/index.php\/product\/cabezota-con-nochebuena\/","url_meta":{"origin":135,"position":2},"title":"Cabezota con Nochebuena","date":"17 de noviembre de 2021","format":false,"excerpt":"Las Nochebuenas llegaron a\u00a0#mygardenmx\u00a0\ud83d\udc9a acompa\u00f1adas de nuestras distintivas cabezotas \ud83e\udd29 Ya sea para decorar tu centro de mesa, tu arbolito de navidad o como regalo especial, es el regalo idea para esta temporada. \u00a1Pide la tuya antes de que se acaben! Y recuerda que la navidad ya est\u00e1 a la\u2026","rel":"","context":"Con 1 comentario","img":{"alt_text":"Cabezota con Nochebuena","src":"https:\/\/i0.wp.com\/mygarden.mx\/wp-content\/uploads\/2021\/11\/WhatsApp-Image-2021-11-15-at-10.27.59.jpeg?fit=1080%2C1080&ssl=1&resize=350%2C200","width":350,"height":200},"classes":[]},{"id":115,"url":"https:\/\/mygarden.mx\/index.php\/product\/cuna-de-moises\/","url_meta":{"origin":135,"position":3},"title":"Cuna De Mois\u00e9s","date":"12 de abril de 2021","format":false,"excerpt":"Tama\u00f1o: Mediana \ud83d\udc49 Esta belli\u0301sima planthija es una de las ma\u0301s expertas en purificar el aire de tu entorno, su\u0301per fa\u0301cil de cuidar y con extraordinarias hojas verdes y flores blancas. Cuidados \ud83d\udebf Mantener la tierra siempre hu\u0301meda. OJO: sin encharcarla. Permitir que el sustrato se seque antes de volver\u2026","rel":"","context":"Entrada similar","img":{"alt_text":"","src":"https:\/\/i0.wp.com\/mygarden.mx\/wp-content\/uploads\/2021\/04\/Cuna-de-Moises.jpg?fit=750%2C727&ssl=1&resize=350%2C200","width":350,"height":200},"classes":[]},{"id":3420,"url":"https:\/\/mygarden.mx\/index.php\/product\/orquida-con-jetotas\/","url_meta":{"origin":135,"position":4},"title":"Orqu\u00eddea con Jetotas","date":"23 de agosto de 2022","format":false,"excerpt":"Las orqu\u00eddeas llegaron a mygarden para sumar un miembro m\u00e1s a tu familia de\u00a0#planthijas \ud83d\udc9a. Y ya que las macetas en forma de cabeza son de sus favoritas, decidimos lanzarlas acompa\u00f1adas de nuestra nueva maceta \u201cjetotas\u201d. \u00a1Pide las tuyas antes de que vuelen! \ud83d\udc49 En la secci\u00f3n de comentarios, puedes\u2026","rel":"","context":"Entrada similar","img":{"alt_text":"Orqu\u00eddea en maceta forma cara","src":"https:\/\/i0.wp.com\/mygarden.mx\/wp-content\/uploads\/2022\/08\/Jetotas-con-orquidea.jpeg?fit=900%2C1200&ssl=1&resize=350%2C200","width":350,"height":200},"classes":[]},{"id":150,"url":"https:\/\/mygarden.mx\/index.php\/product\/cabeza-de-buda-con-peluca\/","url_meta":{"origin":135,"position":5},"title":"Cabeza de Buda con peluca","date":"12 de abril de 2021","format":false,"excerpt":"Tama\u00f1o: Chica Mi amigx con peluca. (Callisia Repens) \ud83c\udf31 \ud83d\udc49Planta de la familia de las suculentas, cabali\u0301stica por su amplio follaje que puede llegar a asemejar una peluca, de ahi\u0301 que muchos la conozcan como Peluca. \ud83e\udd17 Cuidados: \ud83d\udebf Mantener la tierra siempre hu\u0301meda, OJO sin encharcarla. 2-3 veces por\u2026","rel":"","context":"Con 2 comentarios","img":{"alt_text":"","src":"https:\/\/i0.wp.com\/mygarden.mx\/wp-content\/uploads\/2021\/04\/Cabezota-con-peluca-cabeza-de-buda-con-hierba-de-la-calentura.jpg?fit=931%2C1158&ssl=1&resize=350%2C200","width":350,"height":200},"classes":[]}],"_links":{"self":[{"href":"https:\/\/mygarden.mx\/index.php\/wp-json\/wp\/v2\/product\/135"}],"collection":[{"href":"https:\/\/mygarden.mx\/index.php\/wp-json\/wp\/v2\/product"}],"about":[{"href":"https:\/\/mygarden.mx\/index.php\/wp-json\/wp\/v2\/types\/product"}],"replies":[{"embeddable":true,"href":"https:\/\/mygarden.mx\/index.php\/wp-json\/wp\/v2\/comments?post=135"}],"wp:featuredmedia":[{"embeddable":true,"href":"https:\/\/mygarden.mx\/index.php\/wp-json\/wp\/v2\/media\/137"}],"wp:attachment":[{"href":"https:\/\/mygarden.mx\/index.php\/wp-json\/wp\/v2\/media?parent=135"}],"wp:term":[{"taxonomy":"product_cat","embeddable":true,"href":"https:\/\/mygarden.mx\/index.php\/wp-json\/wp\/v2\/product_cat?post=135"},{"taxonomy":"product_tag","embeddable":true,"href":"https:\/\/mygarden.mx\/index.php\/wp-json\/wp\/v2\/product_tag?post=135"}],"curies":[{"name":"wp","href":"https:\/\/api.w.org\/{rel}","templated":true}]}}