{"id":3268,"date":"2022-06-16T03:28:39","date_gmt":"2022-06-16T03:28:39","guid":{"rendered":"https:\/\/mygarden.mx\/?post_type=product&#038;p=3268"},"modified":"2023-04-25T05:25:29","modified_gmt":"2023-04-25T05:25:29","slug":"maceton-con-telefono","status":"publish","type":"product","link":"https:\/\/mygarden.mx\/index.php\/product\/maceton-con-telefono\/","title":{"rendered":"Macet\u00f3n con tel\u00e9fono"},"content":{"rendered":"","protected":false},"excerpt":{"rendered":"<p>\u00a1Ll\u00e9vate a casa est\u00e1 incre\u00edble maceta!\ud83d\udc9a<\/p>\n<p>Decidimos ponerle macet\u00f3n a este maceta y nada mejor que acompa\u00f1arla con un tel\u00e9fono.<\/p>\n<p>Tel\u00e9fono colgante (Potus) \ud83d\udcde<\/p>\n<p>\ud83d\udc49 Platnthija colgante eficaz contra la contaminaci\u00f3n ambiental en interiores ya que ayuda a purificar el ambiente.<\/p>\n<p>Cuidados:<\/p>\n<p>\ud83d\udebf Regar solo cuando el sustrato est\u00e9 seco.<\/p>\n<p>\u2600\ufe0f Luz media indirecta; tolera una luminosidad intensa, pero largos periodos de luz solar directa queman las hojas.<\/p>\n<p>\ud83d\ude37 Si vemos que pierden su color verde natural para pasar a un tono m\u00e1s oscuro, es que hay demasiada humedad y calor insuficiente. Y si las hojas pierden color es s\u00edntoma de luz insuficiente.<\/p>\n<p>Tips:<\/p>\n<p>\ud83d\udca6 En casos en que existan ojos irritados o congestionados, puedes apoyar tus ojos sobre dos hojas de potus permitiendo as\u00ed que est\u00e9n all\u00ed durante al menos 3 o 5 minutos. Las hojas deben estar completamente limpias al m\u00e1ximo.<\/p>\n<p>Maceta: cer\u00e1mica<\/p>\n","protected":false},"featured_media":3260,"comment_status":"open","ping_status":"closed","template":"","meta":{"om_disable_all_campaigns":false,"_monsterinsights_skip_tracking":false,"_monsterinsights_sitenote_active":false,"_monsterinsights_sitenote_note":"","_monsterinsights_sitenote_category":0,"spay_email":""},"product_cat":[21],"product_tag":[39,32],"class_list":["post-3268","product","type-product","status-publish","has-post-thumbnail","hentry","product_cat-chica","product_tag-cara","product_tag-ceramica"],"jetpack-related-posts":[{"id":4093,"url":"https:\/\/mygarden.mx\/index.php\/product\/telefono-colgante-2\/","url_meta":{"origin":3268,"position":0},"title":"Tel\u00e9fono colgante","date":"9 de junio de 2023","format":false,"excerpt":"Tel\u00e9fono colgante (Potus)\u00a0 \u00a0Platnthija colgante eficaz contra la contaminaci\u00f3n ambiental en interiores ya que ayuda a purificar el ambiente. Cuidados: \u00a0Regar solo cuando el sustrato est\u00e9 seco. \u00a0Luz media indirecta; tolera una luminosidad intensa, pero largos periodos de luz solar directa queman las hojas. \u00a0Si vemos que pierden su color\u2026","rel":"","context":"Entrada similar","img":{"alt_text":"Tel\u00e9fono colgante","src":"https:\/\/i0.wp.com\/mygarden.mx\/wp-content\/uploads\/2023\/06\/Captura-de-Pantalla-2023-06-09-a-las-8.53.13.png?fit=840%2C836&ssl=1&resize=350%2C200","width":350,"height":200},"classes":[]},{"id":230,"url":"https:\/\/mygarden.mx\/index.php\/product\/telefono-colgante\/","url_meta":{"origin":3268,"position":1},"title":"Tel\u00e9fono Colgante","date":"13 de abril de 2021","format":false,"excerpt":"Tama\u00f1o: Mediana Tel\u00e9fono colgante (Potus) \ud83d\udcde \ud83d\udc49 Platnthija colgante eficaz contra la contaminaci\u00f3n ambiental en interiores ya que ayuda a purificar el ambiente. Cuidados: \ud83d\udebf Regar solo cuando el sustrato est\u00e9 seco. \u2600\ufe0f Luz media indirecta; tolera una luminosidad intensa, pero largos periodos de luz solar directa queman las hojas.\u2026","rel":"","context":"Entrada similar","img":{"alt_text":"","src":"https:\/\/i0.wp.com\/mygarden.mx\/wp-content\/uploads\/2021\/04\/Telefono-colgante.png?fit=1080%2C1080&ssl=1&resize=350%2C200","width":350,"height":200},"classes":[]},{"id":118,"url":"https:\/\/mygarden.mx\/index.php\/product\/telefono-en-vaso\/","url_meta":{"origin":3268,"position":2},"title":"Tel\u00e9fono en Vaso","date":"12 de abril de 2021","format":false,"excerpt":"Tama\u00f1o: Chica Tel\u00e9fono colgante (Potus) \ud83d\udcde \ud83d\udc49 Platnthija colgante eficaz contra la contaminaci\u00f3n ambiental en interiores ya que ayuda a purificar el ambiente. Cuidados: \ud83d\udebf Regar solo cuando el sustrato est\u00e9 seco. \u2600\ufe0f Luz media indirecta; tolera una luminosidad intensa, pero largos periodos de luz solar directa queman las hojas.\u2026","rel":"","context":"Entrada similar","img":{"alt_text":"","src":"https:\/\/i0.wp.com\/mygarden.mx\/wp-content\/uploads\/2021\/04\/Telefono-en-vaso.jpg?fit=1042%2C1042&ssl=1&resize=350%2C200","width":350,"height":200},"classes":[]},{"id":464,"url":"https:\/\/mygarden.mx\/index.php\/product\/cabezota-con-telefono\/","url_meta":{"origin":3268,"position":3},"title":"Cabezota con Tel\u00e9fono","date":"13 de abril de 2021","format":false,"excerpt":"Tama\u00f1o: Mediana Cabezota con tel\u00e9fono (Potus) \ud83d\udcde \ud83d\udc49 Planthija colgante eficaz contra la contaminaci\u00f3n ambiental en interiores ya que ayuda a purificar el ambiente. Cuidados: \ud83d\udebf Regar solo cuando el sustrato est\u00e9 seco. \u2600\ufe0f Luz media indirecta; tolera una luminosidad intensa, pero largos periodos de luz solar directa queman las\u2026","rel":"","context":"Entrada similar","img":{"alt_text":"","src":"https:\/\/i0.wp.com\/mygarden.mx\/wp-content\/uploads\/2021\/04\/IMG_1762.png?fit=1080%2C1080&ssl=1&resize=350%2C200","width":350,"height":200},"classes":[]},{"id":122,"url":"https:\/\/mygarden.mx\/index.php\/product\/sabila-en-taza\/","url_meta":{"origin":3268,"position":4},"title":"S\u00e1bila en Taza","date":"12 de abril de 2021","format":false,"excerpt":"Tama\u00f1o: Chica S\u00e1bila \ud83d\udc49 La s\u00e1bila, tambi\u00e9n conocida como aloe vera, es una planthija suculenta de la familia de las Asphodelaceae. Esta planta es una maravilla porque adem\u00e1s de ser bonita, tiene m\u00faltiples bondades medicinales. Cuidados: \ud83d\udebf Partiendo del riego semanal recomendado para la s\u00e1bila, basta con mirar la parte\u2026","rel":"","context":"Entrada similar","img":{"alt_text":"","src":"https:\/\/i0.wp.com\/mygarden.mx\/wp-content\/uploads\/2021\/04\/Sabila-1.jpg?fit=1042%2C1042&ssl=1&resize=350%2C200","width":350,"height":200},"classes":[]},{"id":3273,"url":"https:\/\/mygarden.mx\/index.php\/product\/planthija-colgante-con-macrame\/","url_meta":{"origin":3268,"position":5},"title":"Planthija colgante con macram\u00e9","date":"16 de junio de 2022","format":false,"excerpt":"Colgante macram\u00e9 con incre\u00edble dise\u00f1o + maceta bule con olitas + planthija colgante = \ud83d\udc9a Armamos este incre\u00edble set para ti\u2728 Puedes elegir la planthija colgante entre esqueleto y tel\u00e9fono, ambas son ideales para interiores y sin duda van a dar vida a cualquier lugar.","rel":"","context":"Entrada similar","img":{"alt_text":"Esqueleto colgante con macram\u00e9","src":"https:\/\/i0.wp.com\/mygarden.mx\/wp-content\/uploads\/2022\/06\/IMG_2906-1-scaled.jpg?fit=548%2C1200&ssl=1&resize=350%2C200","width":350,"height":200},"classes":[]}],"_links":{"self":[{"href":"https:\/\/mygarden.mx\/index.php\/wp-json\/wp\/v2\/product\/3268"}],"collection":[{"href":"https:\/\/mygarden.mx\/index.php\/wp-json\/wp\/v2\/product"}],"about":[{"href":"https:\/\/mygarden.mx\/index.php\/wp-json\/wp\/v2\/types\/product"}],"replies":[{"embeddable":true,"href":"https:\/\/mygarden.mx\/index.php\/wp-json\/wp\/v2\/comments?post=3268"}],"wp:featuredmedia":[{"embeddable":true,"href":"https:\/\/mygarden.mx\/index.php\/wp-json\/wp\/v2\/media\/3260"}],"wp:attachment":[{"href":"https:\/\/mygarden.mx\/index.php\/wp-json\/wp\/v2\/media?parent=3268"}],"wp:term":[{"taxonomy":"product_cat","embeddable":true,"href":"https:\/\/mygarden.mx\/index.php\/wp-json\/wp\/v2\/product_cat?post=3268"},{"taxonomy":"product_tag","embeddable":true,"href":"https:\/\/mygarden.mx\/index.php\/wp-json\/wp\/v2\/product_tag?post=3268"}],"curies":[{"name":"wp","href":"https:\/\/api.w.org\/{rel}","templated":true}]}}