{"id":3420,"date":"2022-08-23T22:05:57","date_gmt":"2022-08-23T22:05:57","guid":{"rendered":"https:\/\/mygarden.mx\/?post_type=product&#038;p=3420"},"modified":"2022-08-24T01:02:26","modified_gmt":"2022-08-24T01:02:26","slug":"orquida-con-jetotas","status":"publish","type":"product","link":"https:\/\/mygarden.mx\/index.php\/product\/orquida-con-jetotas\/","title":{"rendered":"Orqu\u00eddea con Jetotas"},"content":{"rendered":"<p><span class=\"fe5nidar khvhiq1o r5qsrrlp i5tg98hk f9ovudaz przvwfww gx1rr48f gfz4du6o r7fjleex nz2484kf svot0ezm dcnh1tix sxl192xd t3g6t33p\"><span class=\"mpj7bzys xzlurrtv\">\u2600\ufe0f<\/span><\/span> Indirecta, que no reciba sol directo ya que puede quemar sus hojitas<\/p>\n<p><span class=\"fe5nidar khvhiq1o r5qsrrlp i5tg98hk f9ovudaz przvwfww gx1rr48f gfz4du6o r7fjleex nz2484kf svot0ezm dcnh1tix sxl192xd t3g6t33p\"><span class=\"mpj7bzys xzlurrtv\">\ud83d\udebf<\/span><\/span> Una\u00a0vez a la semana, solo a la base(sumergir). No regar las hojas porque se da\u00f1an.<\/p>\n<p><strong><span class=\"fe5nidar khvhiq1o r5qsrrlp i5tg98hk f9ovudaz przvwfww gx1rr48f gfz4du6o r7fjleex nz2484kf svot0ezm dcnh1tix sxl192xd t3g6t33p\"><span class=\"mpj7bzys xzlurrtv\">\u203c\ufe0f<\/span><\/span> <\/strong>Asegurarse que la maceta drene bien para que no da\u00f1e las ra\u00edces \/ La intensidad del color, n\u00famero de varas y flores puede variar<\/p>\n<p>&nbsp;<\/p>\n","protected":false},"excerpt":{"rendered":"<p><span class=\"fe5nidar khvhiq1o r5qsrrlp i5tg98hk f9ovudaz przvwfww gx1rr48f gfz4du6o r7fjleex nz2484kf svot0ezm dcnh1tix sxl192xd t3g6t33p\"><span class=\"mpj7bzys xzlurrtv\"><span class=\"tiktok-j2a19r-SpanText efbd9f0\">Las orqu\u00eddeas llegaron a mygarden para sumar un miembro m\u00e1s a tu familia de\u00a0<\/span><a class=\"tiktok-q3q1i1-StyledCommonLink ejg0rhn4\" href=\"https:\/\/www.tiktok.com\/tag\/planthijas\"><strong class=\"tiktok-f9vo34-StrongText ejg0rhn1\">#planthijas<\/strong><\/a><span class=\"tiktok-j2a19r-SpanText efbd9f0\"> \ud83d\udc9a.<\/span><span class=\"tiktok-j2a19r-SpanText efbd9f0\"> Y ya que las macetas en forma de cabeza son de sus favoritas, decidimos lanzarlas acompa\u00f1adas de nuestra nueva maceta \u201cjetotas\u201d. \u00a1Pide las tuyas antes de que vuelen!<\/span><\/span><\/span><\/p>\n<p><span class=\"fe5nidar khvhiq1o r5qsrrlp i5tg98hk f9ovudaz przvwfww gx1rr48f gfz4du6o r7fjleex nz2484kf svot0ezm dcnh1tix sxl192xd t3g6t33p\"><span class=\"mpj7bzys xzlurrtv\">\ud83d\udc49 En la secci\u00f3n de comentarios, puedes agregar una dedicatoria en caso de que quieras regalar esta planthija a alguien especial.<\/span><\/span><\/p>\n<p>&nbsp;<\/p>\n","protected":false},"featured_media":3422,"comment_status":"open","ping_status":"closed","template":"","meta":{"om_disable_all_campaigns":false,"_monsterinsights_skip_tracking":false,"_monsterinsights_sitenote_active":false,"_monsterinsights_sitenote_note":"","_monsterinsights_sitenote_category":0,"spay_email":""},"product_cat":[15],"product_tag":[],"class_list":["post-3420","product","type-product","status-publish","has-post-thumbnail","hentry","product_cat-rosbymygarden"],"jetpack-related-posts":[{"id":3579,"url":"https:\/\/mygarden.mx\/index.php\/product\/2-corazones-maceta-ceramica-colgante-macrame\/","url_meta":{"origin":3420,"position":0},"title":"Ceropegia woodii + maceta cer\u00e1mica + colgante macram\u00e9","date":"5 de octubre de 2022","format":false,"excerpt":"Los dos corazones en un hilo(Ceropegia woodii) \ud83d\udc95 son un tipo de suculenta colgante que le dan un look Rapunzel a la cabezota. \u00bfQu\u00e9 esperas para llevarte la tuya? \u00a0Tipo de suculenta colgante que puede alcanzar un largo impresionante. Sus hojitas tienen la forma de corazones que cuelgan de un\u2026","rel":"","context":"Entrada similar","img":{"alt_text":"2 corazones en un hilo planta colgante","src":"https:\/\/i0.wp.com\/mygarden.mx\/wp-content\/uploads\/2022\/10\/Ceropegia-woodii.jpeg?fit=725%2C1200&ssl=1&resize=350%2C200","width":350,"height":200},"classes":[]},{"id":4099,"url":"https:\/\/mygarden.mx\/index.php\/product\/maceta-gatito\/","url_meta":{"origin":3420,"position":1},"title":"Maceta \u00abGatito\u00bb","date":"9 de junio de 2023","format":false,"excerpt":"Llegaron las nuevas caras de mygarden para hacer m\u00e1s grande tu colecci\u00f3n. La maceta \u00abGatito\u00bb es de las nuevas integrantes de la colecci\u00f3n de cabezas que manejamos y que adem\u00e1s, son de sus macetas favoritas. Es de cer\u00e1mica esmaltada por dentro y por fuera. La puedes pedir sin hoyito de\u2026","rel":"","context":"Entrada similar","img":{"alt_text":"Maceta gato","src":"https:\/\/i0.wp.com\/mygarden.mx\/wp-content\/uploads\/2023\/06\/7.png?fit=1200%2C1200&ssl=1&resize=350%2C200","width":350,"height":200},"classes":[]},{"id":4098,"url":"https:\/\/mygarden.mx\/index.php\/product\/maceta-chicles\/","url_meta":{"origin":3420,"position":2},"title":"Maceta \u00abChicles\u00bb","date":"9 de junio de 2023","format":false,"excerpt":"Llegaron las nuevas caras de mygarden para hacer m\u00e1s grande tu colecci\u00f3n. La maceta \u00abChicles\u00bb es de las nuevas integrantes de la colecci\u00f3n de cabezas que manejamos y que adem\u00e1s, son de sus macetas favoritas. Es de cer\u00e1mica esmaltada por dentro y por fuera. La puedes pedir sin hoyito de\u2026","rel":"","context":"Entrada similar","img":{"alt_text":"Maceta chicle","src":"https:\/\/i0.wp.com\/mygarden.mx\/wp-content\/uploads\/2023\/06\/6.png?fit=1200%2C1200&ssl=1&resize=350%2C200","width":350,"height":200},"classes":[]},{"id":3432,"url":"https:\/\/mygarden.mx\/index.php\/product\/maceta-jetotas\/","url_meta":{"origin":3420,"position":3},"title":"Maceta \u00abJetotas\u00bb","date":"24 de agosto de 2022","format":false,"excerpt":"Llegaron nuevas macetas a mygarden para hacer m\u00e1s grande tu colecci\u00f3n de cabezotas\ud83e\udd2a. La maceta \"Jetotas\" es la nueva integrante de la colecci\u00f3n de cabezas que manejamos y que adem\u00e1s, son de sus macetas favoritas, Es de cer\u00e1mica y est\u00e1 esmaltada por dentro y por fuera. La puedes pedir sin\u2026","rel":"","context":"Entrada similar","img":{"alt_text":"Maceta jetotas","src":"https:\/\/i0.wp.com\/mygarden.mx\/wp-content\/uploads\/2023\/06\/3.png?fit=1200%2C1200&ssl=1&resize=350%2C200","width":350,"height":200},"classes":[]},{"id":4100,"url":"https:\/\/mygarden.mx\/index.php\/product\/maceta-payasito\/","url_meta":{"origin":3420,"position":4},"title":"Maceta \u00abPayasito\u00bb","date":"9 de junio de 2023","format":false,"excerpt":"Llegaron las nuevas caras de mygarden para hacer m\u00e1s grande tu colecci\u00f3n. La maceta \u00abPayasito\u00bb es de las nuevas integrantes de la colecci\u00f3n de cabezas que manejamos y que adem\u00e1s, son de sus macetas favoritas. Es de cer\u00e1mica esmaltada por dentro y por fuera. La puedes pedir sin hoyito de\u2026","rel":"","context":"Entrada similar","img":{"alt_text":"Maceta payaso","src":"https:\/\/i0.wp.com\/mygarden.mx\/wp-content\/uploads\/2023\/06\/5.png?fit=1200%2C1200&ssl=1&resize=350%2C200","width":350,"height":200},"classes":[]},{"id":3781,"url":"https:\/\/mygarden.mx\/index.php\/product\/manota-con-maceta-mini\/","url_meta":{"origin":3420,"position":5},"title":"Manota con maceta mini","date":"23 de enero de 2023","format":false,"excerpt":"","rel":"","context":"Entrada similar","img":{"alt_text":"Maceta mano de cer\u00e1mica","src":"https:\/\/i0.wp.com\/mygarden.mx\/wp-content\/uploads\/2023\/01\/Manota-1-scaled.jpg?fit=900%2C1200&ssl=1&resize=350%2C200","width":350,"height":200},"classes":[]}],"_links":{"self":[{"href":"https:\/\/mygarden.mx\/index.php\/wp-json\/wp\/v2\/product\/3420"}],"collection":[{"href":"https:\/\/mygarden.mx\/index.php\/wp-json\/wp\/v2\/product"}],"about":[{"href":"https:\/\/mygarden.mx\/index.php\/wp-json\/wp\/v2\/types\/product"}],"replies":[{"embeddable":true,"href":"https:\/\/mygarden.mx\/index.php\/wp-json\/wp\/v2\/comments?post=3420"}],"wp:featuredmedia":[{"embeddable":true,"href":"https:\/\/mygarden.mx\/index.php\/wp-json\/wp\/v2\/media\/3422"}],"wp:attachment":[{"href":"https:\/\/mygarden.mx\/index.php\/wp-json\/wp\/v2\/media?parent=3420"}],"wp:term":[{"taxonomy":"product_cat","embeddable":true,"href":"https:\/\/mygarden.mx\/index.php\/wp-json\/wp\/v2\/product_cat?post=3420"},{"taxonomy":"product_tag","embeddable":true,"href":"https:\/\/mygarden.mx\/index.php\/wp-json\/wp\/v2\/product_tag?post=3420"}],"curies":[{"name":"wp","href":"https:\/\/api.w.org\/{rel}","templated":true}]}}