{"id":3522,"date":"2022-09-12T14:18:11","date_gmt":"2022-09-12T14:18:11","guid":{"rendered":"https:\/\/mygarden.mx\/?post_type=product&#038;p=3522"},"modified":"2022-09-12T14:18:11","modified_gmt":"2022-09-12T14:18:11","slug":"jetotas-con-esqueleto","status":"publish","type":"product","link":"https:\/\/mygarden.mx\/index.php\/product\/jetotas-con-esqueleto\/","title":{"rendered":"\u00abJetotas\u00bb con esqueleto"},"content":{"rendered":"","protected":false},"excerpt":{"rendered":"<p>Maceta \u201cJetotas\u201d con Monstera Andasonii aka esqueleto\ud83c\udf31 planthija colgante ideal para interiores.<br \/>\nLa maceta es de la nueva colecci\u00f3n de mygarden y sin duda es lo que hace falta para darle un toque m\u00e1s cool a tu espacio \ud83d\udc9a.<br \/>\n\ud83d\udc49\ud83c\udffb Por lanzamiento tiene un costo de 550 MXN (precio normal 600 MXN) el costo es por maceta Jetotas y planthija \ud83e\udeb4. \u00a1Aprovecha antes de que vuelen!\ud83d\ude2e\u200d\ud83d\udca8<\/p>\n","protected":false},"featured_media":3525,"comment_status":"open","ping_status":"closed","template":"","meta":{"om_disable_all_campaigns":false,"_monsterinsights_skip_tracking":false,"_monsterinsights_sitenote_active":false,"_monsterinsights_sitenote_note":"","_monsterinsights_sitenote_category":0,"spay_email":""},"product_cat":[15],"product_tag":[],"class_list":["post-3522","product","type-product","status-publish","has-post-thumbnail","hentry","product_cat-rosbymygarden"],"jetpack-related-posts":[{"id":3107,"url":"https:\/\/mygarden.mx\/index.php\/product\/set-3-humanitxs\/","url_meta":{"origin":3522,"position":0},"title":"Set 3 ni\u00f1xs","date":"24 de abril de 2022","format":false,"excerpt":"Psss, pssss\u2026 \u00bfya tienes tu regalo para este\u00a0#10demayo?\ud83e\udd14 Si a\u00fan no tienes idea qu\u00e9 regalarle a\u00a0#mam\u00e1, date una vuelta por nuestro perfil y descubre las planthijas que tenemos listas para este\u00a0#diadelasmadres\u00a0\ud83d\udc95 \u00a1Regala\u00a0#planthijas, regala vida!\ud83e\udeb4\ud83d\udc9a \ud83d\udc49\ud83c\udffb Ll\u00e9vate estos 3 humanitxs por 550 MXN, el precio incluye 3 macetas + 3 planthijas.\u2026","rel":"","context":"Entrada similar","img":{"alt_text":"Macetas cer\u00e1mica","src":"https:\/\/i0.wp.com\/mygarden.mx\/wp-content\/uploads\/2022\/04\/2A003AD9-39CE-47B0-80EF-2EC5C5288BF7.jpg?fit=675%2C1200&ssl=1&resize=350%2C200","width":350,"height":200},"classes":[]},{"id":2968,"url":"https:\/\/mygarden.mx\/index.php\/product\/promocion-cabezotas-2\/","url_meta":{"origin":3522,"position":1},"title":"Promoci\u00f3n cabezotas","date":"15 de marzo de 2022","format":false,"excerpt":"\u00a1Plantlovers! Estamos s\u00faper felices porque por primera vez traemos esta incre\u00edble #promoci\u00f3n\u00a0para ustedes \ud83d\udc9a y es que sabemos que la cabezota es la maceta favorita de la comunidad de\u00a0#mygardenmx 1 x 499 MXN o 2x800 MXN (incluye planthijas)","rel":"","context":"Entrada similar","img":{"alt_text":"Maceras en forma de cabeza","src":"https:\/\/i0.wp.com\/mygarden.mx\/wp-content\/uploads\/2022\/03\/2X900-cabezotas.png?fit=1080%2C1080&ssl=1&resize=350%2C200","width":350,"height":200},"classes":[]},{"id":3055,"url":"https:\/\/mygarden.mx\/index.php\/product\/set-humanitas-embarazadas\/","url_meta":{"origin":3522,"position":2},"title":"Set humanitas embarazadas","date":"24 de abril de 2022","format":false,"excerpt":"Psss, pssss\u2026 \u00bfya tienes tu regalo para este #10demayo?\ud83e\udd14 Si a\u00fan no tienes idea qu\u00e9 regalarle a\u00a0#mam\u00e1, date una vuelta por nuestro perfil y descubre las planthijas que tenemos listas para este\u00a0#diadelasmadres\u00a0\ud83d\udc95 \u00a1Regala\u00a0#planthijas, regala vida!\ud83e\udeb4\ud83d\udc9a \ud83d\udc49\ud83c\udffb Ll\u00e9vate estos 2 humanitxs por 450 MXN, el precio incluye 2 macetas de humanitas\u2026","rel":"","context":"Entrada similar","img":{"alt_text":"Humanitas embarazadas","src":"https:\/\/i0.wp.com\/mygarden.mx\/wp-content\/uploads\/2022\/04\/C1DC7D3D-ED12-4569-865A-F2A2E7574D24.jpg?fit=675%2C1200&ssl=1&resize=350%2C200","width":350,"height":200},"classes":[]},{"id":3273,"url":"https:\/\/mygarden.mx\/index.php\/product\/planthija-colgante-con-macrame\/","url_meta":{"origin":3522,"position":3},"title":"Planthija colgante con macram\u00e9","date":"16 de junio de 2022","format":false,"excerpt":"Colgante macram\u00e9 con incre\u00edble dise\u00f1o + maceta bule con olitas + planthija colgante = \ud83d\udc9a Armamos este incre\u00edble set para ti\u2728 Puedes elegir la planthija colgante entre esqueleto y tel\u00e9fono, ambas son ideales para interiores y sin duda van a dar vida a cualquier lugar.","rel":"","context":"Entrada similar","img":{"alt_text":"Esqueleto colgante con macram\u00e9","src":"https:\/\/i0.wp.com\/mygarden.mx\/wp-content\/uploads\/2022\/06\/IMG_2906-1-scaled.jpg?fit=548%2C1200&ssl=1&resize=350%2C200","width":350,"height":200},"classes":[]},{"id":3459,"url":"https:\/\/mygarden.mx\/index.php\/product\/humanitx-portacelular\/","url_meta":{"origin":3522,"position":4},"title":"Humanitx portacelular","date":"8 de septiembre de 2022","format":false,"excerpt":"El mejoooorrr porta celulares\ud83d\ude0d\ud83d\ude0d Los humanitxs llegaron ahora en forma de porta celular \u2728 y se ven lindisimos\ud83c\udf31. Sin duda es el integrante faltante en tu familia de plantitas. \ud83d\udc49\ud83c\udffb La planthija que lo acompa\u00f1a es una patita de elefante, ideal para interiores y aguanta la luz solar sin que\u2026","rel":"","context":"Entrada similar","img":{"alt_text":"Maceta humanito porta celular","src":"https:\/\/i0.wp.com\/mygarden.mx\/wp-content\/uploads\/2022\/09\/Humanitx-portacelular.jpeg?fit=975%2C1200&ssl=1&resize=350%2C200","width":350,"height":200},"classes":[]},{"id":4098,"url":"https:\/\/mygarden.mx\/index.php\/product\/maceta-chicles\/","url_meta":{"origin":3522,"position":5},"title":"Maceta \u00abChicles\u00bb","date":"9 de junio de 2023","format":false,"excerpt":"Llegaron las nuevas caras de mygarden para hacer m\u00e1s grande tu colecci\u00f3n. La maceta \u00abChicles\u00bb es de las nuevas integrantes de la colecci\u00f3n de cabezas que manejamos y que adem\u00e1s, son de sus macetas favoritas. Es de cer\u00e1mica esmaltada por dentro y por fuera. La puedes pedir sin hoyito de\u2026","rel":"","context":"Entrada similar","img":{"alt_text":"Maceta chicle","src":"https:\/\/i0.wp.com\/mygarden.mx\/wp-content\/uploads\/2023\/06\/6.png?fit=1200%2C1200&ssl=1&resize=350%2C200","width":350,"height":200},"classes":[]}],"_links":{"self":[{"href":"https:\/\/mygarden.mx\/index.php\/wp-json\/wp\/v2\/product\/3522"}],"collection":[{"href":"https:\/\/mygarden.mx\/index.php\/wp-json\/wp\/v2\/product"}],"about":[{"href":"https:\/\/mygarden.mx\/index.php\/wp-json\/wp\/v2\/types\/product"}],"replies":[{"embeddable":true,"href":"https:\/\/mygarden.mx\/index.php\/wp-json\/wp\/v2\/comments?post=3522"}],"wp:featuredmedia":[{"embeddable":true,"href":"https:\/\/mygarden.mx\/index.php\/wp-json\/wp\/v2\/media\/3525"}],"wp:attachment":[{"href":"https:\/\/mygarden.mx\/index.php\/wp-json\/wp\/v2\/media?parent=3522"}],"wp:term":[{"taxonomy":"product_cat","embeddable":true,"href":"https:\/\/mygarden.mx\/index.php\/wp-json\/wp\/v2\/product_cat?post=3522"},{"taxonomy":"product_tag","embeddable":true,"href":"https:\/\/mygarden.mx\/index.php\/wp-json\/wp\/v2\/product_tag?post=3522"}],"curies":[{"name":"wp","href":"https:\/\/api.w.org\/{rel}","templated":true}]}}