{"id":3781,"date":"2023-01-23T03:04:30","date_gmt":"2023-01-23T03:04:30","guid":{"rendered":"https:\/\/mygarden.mx\/?post_type=product&#038;p=3781"},"modified":"2023-01-23T03:04:30","modified_gmt":"2023-01-23T03:04:30","slug":"manota-con-maceta-mini","status":"publish","type":"product","link":"https:\/\/mygarden.mx\/index.php\/product\/manota-con-maceta-mini\/","title":{"rendered":"Manota con maceta mini"},"content":{"rendered":"","protected":false},"excerpt":{"rendered":"","protected":false},"featured_media":3783,"comment_status":"open","ping_status":"closed","template":"","meta":{"om_disable_all_campaigns":false,"_monsterinsights_skip_tracking":false,"_monsterinsights_sitenote_active":false,"_monsterinsights_sitenote_note":"","_monsterinsights_sitenote_category":0,"spay_email":""},"product_cat":[21],"product_tag":[32,40,47,46],"class_list":["post-3781","product","type-product","status-publish","has-post-thumbnail","hentry","product_cat-chica","product_tag-ceramica","product_tag-colgante","product_tag-decoracion","product_tag-maceta-mano"],"jetpack-related-posts":[{"id":4098,"url":"https:\/\/mygarden.mx\/index.php\/product\/maceta-chicles\/","url_meta":{"origin":3781,"position":0},"title":"Maceta \u00abChicles\u00bb","date":"9 de junio de 2023","format":false,"excerpt":"Llegaron las nuevas caras de mygarden para hacer m\u00e1s grande tu colecci\u00f3n. La maceta \u00abChicles\u00bb es de las nuevas integrantes de la colecci\u00f3n de cabezas que manejamos y que adem\u00e1s, son de sus macetas favoritas. Es de cer\u00e1mica esmaltada por dentro y por fuera. La puedes pedir sin hoyito de\u2026","rel":"","context":"Entrada similar","img":{"alt_text":"Maceta chicle","src":"https:\/\/i0.wp.com\/mygarden.mx\/wp-content\/uploads\/2023\/06\/6.png?fit=1200%2C1200&ssl=1&resize=350%2C200","width":350,"height":200},"classes":[]},{"id":4099,"url":"https:\/\/mygarden.mx\/index.php\/product\/maceta-gatito\/","url_meta":{"origin":3781,"position":1},"title":"Maceta \u00abGatito\u00bb","date":"9 de junio de 2023","format":false,"excerpt":"Llegaron las nuevas caras de mygarden para hacer m\u00e1s grande tu colecci\u00f3n. La maceta \u00abGatito\u00bb es de las nuevas integrantes de la colecci\u00f3n de cabezas que manejamos y que adem\u00e1s, son de sus macetas favoritas. Es de cer\u00e1mica esmaltada por dentro y por fuera. La puedes pedir sin hoyito de\u2026","rel":"","context":"Entrada similar","img":{"alt_text":"Maceta gato","src":"https:\/\/i0.wp.com\/mygarden.mx\/wp-content\/uploads\/2023\/06\/7.png?fit=1200%2C1200&ssl=1&resize=350%2C200","width":350,"height":200},"classes":[]},{"id":3432,"url":"https:\/\/mygarden.mx\/index.php\/product\/maceta-jetotas\/","url_meta":{"origin":3781,"position":2},"title":"Maceta \u00abJetotas\u00bb","date":"24 de agosto de 2022","format":false,"excerpt":"Llegaron nuevas macetas a mygarden para hacer m\u00e1s grande tu colecci\u00f3n de cabezotas\ud83e\udd2a. La maceta \"Jetotas\" es la nueva integrante de la colecci\u00f3n de cabezas que manejamos y que adem\u00e1s, son de sus macetas favoritas, Es de cer\u00e1mica y est\u00e1 esmaltada por dentro y por fuera. La puedes pedir sin\u2026","rel":"","context":"Entrada similar","img":{"alt_text":"Maceta jetotas","src":"https:\/\/i0.wp.com\/mygarden.mx\/wp-content\/uploads\/2023\/06\/3.png?fit=1200%2C1200&ssl=1&resize=350%2C200","width":350,"height":200},"classes":[]},{"id":4100,"url":"https:\/\/mygarden.mx\/index.php\/product\/maceta-payasito\/","url_meta":{"origin":3781,"position":3},"title":"Maceta \u00abPayasito\u00bb","date":"9 de junio de 2023","format":false,"excerpt":"Llegaron las nuevas caras de mygarden para hacer m\u00e1s grande tu colecci\u00f3n. La maceta \u00abPayasito\u00bb es de las nuevas integrantes de la colecci\u00f3n de cabezas que manejamos y que adem\u00e1s, son de sus macetas favoritas. Es de cer\u00e1mica esmaltada por dentro y por fuera. La puedes pedir sin hoyito de\u2026","rel":"","context":"Entrada similar","img":{"alt_text":"Maceta payaso","src":"https:\/\/i0.wp.com\/mygarden.mx\/wp-content\/uploads\/2023\/06\/5.png?fit=1200%2C1200&ssl=1&resize=350%2C200","width":350,"height":200},"classes":[]},{"id":3522,"url":"https:\/\/mygarden.mx\/index.php\/product\/jetotas-con-esqueleto\/","url_meta":{"origin":3781,"position":4},"title":"\u00abJetotas\u00bb con esqueleto","date":"12 de septiembre de 2022","format":false,"excerpt":"Maceta \u201cJetotas\u201d con Monstera Andasonii aka esqueleto\ud83c\udf31 planthija colgante ideal para interiores. La maceta es de la nueva colecci\u00f3n de mygarden y sin duda es lo que hace falta para darle un toque m\u00e1s cool a tu espacio \ud83d\udc9a. \ud83d\udc49\ud83c\udffb Por lanzamiento tiene un costo de 550 MXN (precio normal\u2026","rel":"","context":"Entrada similar","img":{"alt_text":"Maceta rostro","src":"https:\/\/i0.wp.com\/mygarden.mx\/wp-content\/uploads\/2022\/09\/Maceta-jetotas-con-monstera-andasonii.jpeg?fit=900%2C1200&ssl=1&resize=350%2C200","width":350,"height":200},"classes":[]},{"id":3579,"url":"https:\/\/mygarden.mx\/index.php\/product\/2-corazones-maceta-ceramica-colgante-macrame\/","url_meta":{"origin":3781,"position":5},"title":"Ceropegia woodii + maceta cer\u00e1mica + colgante macram\u00e9","date":"5 de octubre de 2022","format":false,"excerpt":"Los dos corazones en un hilo(Ceropegia woodii) \ud83d\udc95 son un tipo de suculenta colgante que le dan un look Rapunzel a la cabezota. \u00bfQu\u00e9 esperas para llevarte la tuya? \u00a0Tipo de suculenta colgante que puede alcanzar un largo impresionante. Sus hojitas tienen la forma de corazones que cuelgan de un\u2026","rel":"","context":"Entrada similar","img":{"alt_text":"2 corazones en un hilo planta colgante","src":"https:\/\/i0.wp.com\/mygarden.mx\/wp-content\/uploads\/2022\/10\/Ceropegia-woodii.jpeg?fit=725%2C1200&ssl=1&resize=350%2C200","width":350,"height":200},"classes":[]}],"_links":{"self":[{"href":"https:\/\/mygarden.mx\/index.php\/wp-json\/wp\/v2\/product\/3781"}],"collection":[{"href":"https:\/\/mygarden.mx\/index.php\/wp-json\/wp\/v2\/product"}],"about":[{"href":"https:\/\/mygarden.mx\/index.php\/wp-json\/wp\/v2\/types\/product"}],"replies":[{"embeddable":true,"href":"https:\/\/mygarden.mx\/index.php\/wp-json\/wp\/v2\/comments?post=3781"}],"wp:featuredmedia":[{"embeddable":true,"href":"https:\/\/mygarden.mx\/index.php\/wp-json\/wp\/v2\/media\/3783"}],"wp:attachment":[{"href":"https:\/\/mygarden.mx\/index.php\/wp-json\/wp\/v2\/media?parent=3781"}],"wp:term":[{"taxonomy":"product_cat","embeddable":true,"href":"https:\/\/mygarden.mx\/index.php\/wp-json\/wp\/v2\/product_cat?post=3781"},{"taxonomy":"product_tag","embeddable":true,"href":"https:\/\/mygarden.mx\/index.php\/wp-json\/wp\/v2\/product_tag?post=3781"}],"curies":[{"name":"wp","href":"https:\/\/api.w.org\/{rel}","templated":true}]}}