{"id":4101,"date":"2023-06-09T15:19:46","date_gmt":"2023-06-09T15:19:46","guid":{"rendered":"https:\/\/mygarden.mx\/?post_type=product&#038;p=4101"},"modified":"2023-06-09T15:19:46","modified_gmt":"2023-06-09T15:19:46","slug":"cabeza-de-buda-2","status":"publish","type":"product","link":"https:\/\/mygarden.mx\/index.php\/product\/cabeza-de-buda-2\/","title":{"rendered":"Cabeza de Buda 2"},"content":{"rendered":"<ul>\n<li>En total manejamos 2 modelos de Cabezas de Buda cer\u00e1mica<\/li>\n<\/ul>\n","protected":false},"excerpt":{"rendered":"<p>Llegaron las nuevas caras de mygarden para hacer m\u00e1s grande tu colecci\u00f3n<span class=\"fe5nidar khvhiq1o r5qsrrlp i5tg98hk f9ovudaz przvwfww gx1rr48f gfz4du6o r7fjleex nz2484kf svot0ezm dcnh1tix sxl192xd t3g6t33p\"><span class=\"mpj7bzys xzlurrtv\"><img decoding=\"async\" class=\"emoji jetpack-lazy-image jetpack-lazy-image--handled\" role=\"img\" draggable=\"false\" src=\"https:\/\/s.w.org\/images\/core\/emoji\/13.1.0\/svg\/1f92a.svg\" alt=\"\ud83e\udd2a\" data-lazy-loaded=\"1\" \/>.<\/span><\/span><\/p>\n<p>La maceta \u00abCabeza de Buda 2\u00bb es de las nuevas integrantes de la colecci\u00f3n de cabezas que manejamos y que adem\u00e1s, son de sus macetas favoritas.<\/p>\n<p>Es de cer\u00e1mica esmaltada por dentro y por fuera. La puedes pedir sin hoyito de drenaje y usarla como florero o, pedirla con hoyito de drenaje y darle un nuevo hogar a tu planthija favorita.<\/p>\n<p>&nbsp;<\/p>\n","protected":false},"featured_media":4061,"comment_status":"open","ping_status":"closed","template":"","meta":{"om_disable_all_campaigns":false,"_monsterinsights_skip_tracking":false,"_monsterinsights_sitenote_active":false,"_monsterinsights_sitenote_note":"","_monsterinsights_sitenote_category":0,"spay_email":""},"product_cat":[16],"product_tag":[55,32],"class_list":["post-4101","product","type-product","status-publish","has-post-thumbnail","hentry","product_cat-macetas","product_tag-cabeza-de-buda","product_tag-ceramica"],"jetpack-related-posts":[{"id":4098,"url":"https:\/\/mygarden.mx\/index.php\/product\/maceta-chicles\/","url_meta":{"origin":4101,"position":0},"title":"Maceta \u00abChicles\u00bb","date":"9 de junio de 2023","format":false,"excerpt":"Llegaron las nuevas caras de mygarden para hacer m\u00e1s grande tu colecci\u00f3n. La maceta \u00abChicles\u00bb es de las nuevas integrantes de la colecci\u00f3n de cabezas que manejamos y que adem\u00e1s, son de sus macetas favoritas. Es de cer\u00e1mica esmaltada por dentro y por fuera. La puedes pedir sin hoyito de\u2026","rel":"","context":"Entrada similar","img":{"alt_text":"Maceta chicle","src":"https:\/\/i0.wp.com\/mygarden.mx\/wp-content\/uploads\/2023\/06\/6.png?fit=1200%2C1200&ssl=1&resize=350%2C200","width":350,"height":200},"classes":[]},{"id":4100,"url":"https:\/\/mygarden.mx\/index.php\/product\/maceta-payasito\/","url_meta":{"origin":4101,"position":1},"title":"Maceta \u00abPayasito\u00bb","date":"9 de junio de 2023","format":false,"excerpt":"Llegaron las nuevas caras de mygarden para hacer m\u00e1s grande tu colecci\u00f3n. La maceta \u00abPayasito\u00bb es de las nuevas integrantes de la colecci\u00f3n de cabezas que manejamos y que adem\u00e1s, son de sus macetas favoritas. Es de cer\u00e1mica esmaltada por dentro y por fuera. La puedes pedir sin hoyito de\u2026","rel":"","context":"Entrada similar","img":{"alt_text":"Maceta payaso","src":"https:\/\/i0.wp.com\/mygarden.mx\/wp-content\/uploads\/2023\/06\/5.png?fit=1200%2C1200&ssl=1&resize=350%2C200","width":350,"height":200},"classes":[]},{"id":4099,"url":"https:\/\/mygarden.mx\/index.php\/product\/maceta-gatito\/","url_meta":{"origin":4101,"position":2},"title":"Maceta \u00abGatito\u00bb","date":"9 de junio de 2023","format":false,"excerpt":"Llegaron las nuevas caras de mygarden para hacer m\u00e1s grande tu colecci\u00f3n. La maceta \u00abGatito\u00bb es de las nuevas integrantes de la colecci\u00f3n de cabezas que manejamos y que adem\u00e1s, son de sus macetas favoritas. Es de cer\u00e1mica esmaltada por dentro y por fuera. La puedes pedir sin hoyito de\u2026","rel":"","context":"Entrada similar","img":{"alt_text":"Maceta gato","src":"https:\/\/i0.wp.com\/mygarden.mx\/wp-content\/uploads\/2023\/06\/7.png?fit=1200%2C1200&ssl=1&resize=350%2C200","width":350,"height":200},"classes":[]},{"id":3432,"url":"https:\/\/mygarden.mx\/index.php\/product\/maceta-jetotas\/","url_meta":{"origin":4101,"position":3},"title":"Maceta \u00abJetotas\u00bb","date":"24 de agosto de 2022","format":false,"excerpt":"Llegaron nuevas macetas a mygarden para hacer m\u00e1s grande tu colecci\u00f3n de cabezotas\ud83e\udd2a. La maceta \"Jetotas\" es la nueva integrante de la colecci\u00f3n de cabezas que manejamos y que adem\u00e1s, son de sus macetas favoritas, Es de cer\u00e1mica y est\u00e1 esmaltada por dentro y por fuera. La puedes pedir sin\u2026","rel":"","context":"Entrada similar","img":{"alt_text":"Maceta jetotas","src":"https:\/\/i0.wp.com\/mygarden.mx\/wp-content\/uploads\/2023\/06\/3.png?fit=1200%2C1200&ssl=1&resize=350%2C200","width":350,"height":200},"classes":[]},{"id":37,"url":"https:\/\/mygarden.mx\/index.php\/product\/cabeza-buda-ceramica\/","url_meta":{"origin":4101,"position":4},"title":"Cabeza Buda Cer\u00e1mica","date":"12 de abril de 2021","format":false,"excerpt":"Cabeza Buda Color: Blanco Medidas: 12 cm di\u00e1metro x 19 cm altura Material: Cer\u00e1mica","rel":"","context":"Entrada similar","img":{"alt_text":"","src":"https:\/\/i0.wp.com\/mygarden.mx\/wp-content\/uploads\/2021\/04\/Cabeza-de-buda-ceramica.png?fit=900%2C1200&ssl=1&resize=350%2C200","width":350,"height":200},"classes":[]},{"id":4044,"url":"https:\/\/mygarden.mx\/index.php\/product\/cabeza-de-buda-con-helecho-nido\/","url_meta":{"origin":4101,"position":5},"title":"Cabeza de Buda con helecho nido","date":"1 de junio de 2023","format":false,"excerpt":"","rel":"","context":"Entrada similar","img":{"alt_text":"Maceta de cabeza de buda con helecho","src":"https:\/\/i0.wp.com\/mygarden.mx\/wp-content\/uploads\/2023\/06\/WhatsApp-Image-2023-05-31-at-22.55.02.jpeg?fit=1031%2C1200&ssl=1&resize=350%2C200","width":350,"height":200},"classes":[]}],"_links":{"self":[{"href":"https:\/\/mygarden.mx\/index.php\/wp-json\/wp\/v2\/product\/4101"}],"collection":[{"href":"https:\/\/mygarden.mx\/index.php\/wp-json\/wp\/v2\/product"}],"about":[{"href":"https:\/\/mygarden.mx\/index.php\/wp-json\/wp\/v2\/types\/product"}],"replies":[{"embeddable":true,"href":"https:\/\/mygarden.mx\/index.php\/wp-json\/wp\/v2\/comments?post=4101"}],"wp:featuredmedia":[{"embeddable":true,"href":"https:\/\/mygarden.mx\/index.php\/wp-json\/wp\/v2\/media\/4061"}],"wp:attachment":[{"href":"https:\/\/mygarden.mx\/index.php\/wp-json\/wp\/v2\/media?parent=4101"}],"wp:term":[{"taxonomy":"product_cat","embeddable":true,"href":"https:\/\/mygarden.mx\/index.php\/wp-json\/wp\/v2\/product_cat?post=4101"},{"taxonomy":"product_tag","embeddable":true,"href":"https:\/\/mygarden.mx\/index.php\/wp-json\/wp\/v2\/product_tag?post=4101"}],"curies":[{"name":"wp","href":"https:\/\/api.w.org\/{rel}","templated":true}]}}